{"id":1113,"date":"2025-04-01T12:02:30","date_gmt":"2025-04-01T10:02:30","guid":{"rendered":"https:\/\/www.alfygeo.sk\/?page_id=1113"},"modified":"2025-04-01T12:04:06","modified_gmt":"2025-04-01T10:04:06","slug":"zasady-spracovania-a-ochrany-osobnych-udajov","status":"publish","type":"page","link":"https:\/\/www.alfygeo.sk\/hu\/zasady-spracovania-a-ochrany-osobnych-udajov\/","title":{"rendered":"Z\u00c1SADY SPRACOVANIA A OCHRANY OSOBN\u00ddCH \u00daDAJOV"},"content":{"rendered":"\t\t<div data-elementor-type=\"wp-post\" data-elementor-id=\"1113\" class=\"elementor elementor-1113\" data-elementor-post-type=\"page\">\n\t\t\t\t\t\t<section class=\"elementor-section elementor-top-section elementor-element elementor-element-e7be49b elementor-section-boxed elementor-section-height-default elementor-section-height-default\" data-id=\"e7be49b\" data-element_type=\"section\">\n\t\t\t\t\t\t<div class=\"elementor-container elementor-column-gap-default\">\n\t\t\t\t\t<div class=\"aux-parallax-section elementor-column elementor-col-100 elementor-top-column elementor-element elementor-element-c2ed2ac\" data-id=\"c2ed2ac\" data-element_type=\"column\">\n\t\t\t<div class=\"elementor-widget-wrap elementor-element-populated\">\n\t\t\t\t\t\t<div class=\"elementor-element elementor-element-37d5d17 elementor-widget elementor-widget-heading\" data-id=\"37d5d17\" data-element_type=\"widget\" data-widget_type=\"heading.default\">\n\t\t\t\t<div class=\"elementor-widget-container\">\n\t\t\t\t\t<h2 class=\"elementor-heading-title elementor-size-default\">Z\u00c1SADY SPRACOVANIA A OCHRANY OSOBN\u00ddCH \u00daDAJOV<\/h2>\t\t\t\t<\/div>\n\t\t\t\t<\/div>\n\t\t\t\t\t<\/div>\n\t\t<\/div>\n\t\t\t\t\t<\/div>\n\t\t<\/section>\n\t\t\t\t<section class=\"elementor-section elementor-top-section elementor-element elementor-element-b6a56f5 elementor-section-boxed elementor-section-height-default elementor-section-height-default\" data-id=\"b6a56f5\" data-element_type=\"section\">\n\t\t\t\t\t\t<div class=\"elementor-container elementor-column-gap-default\">\n\t\t\t\t\t<div class=\"aux-parallax-section elementor-column elementor-col-100 elementor-top-column elementor-element elementor-element-86c0a58\" data-id=\"86c0a58\" data-element_type=\"column\">\n\t\t\t<div class=\"elementor-widget-wrap elementor-element-populated\">\n\t\t\t\t\t\t<div class=\"elementor-element elementor-element-21901cd elementor-widget elementor-widget-text-editor\" data-id=\"21901cd\" data-element_type=\"widget\" data-widget_type=\"text-editor.default\">\n\t\t\t\t<div class=\"elementor-widget-container\">\n\t\t\t\t\t\t\t\t\t<p><strong><u>prev\u00e1dzkovate\u013ea:<\/u><\/strong><\/p><p>Obchodn\u00e9 meno: \u00a0\u00a0\u00a0\u00a0\u00a0\u00a0\u00a0\u00a0\u00a0\u00a0 <strong>ALFYGEO Plus s.r.o.<\/strong><\/p><p>S\u00eddlo:\u00a0\u00a0\u00a0\u00a0\u00a0\u00a0\u00a0\u00a0\u00a0\u00a0\u00a0\u00a0\u00a0\u00a0\u00a0\u00a0\u00a0\u00a0\u00a0\u00a0\u00a0\u00a0\u00a0\u00a0\u00a0\u00a0\u00a0\u00a0\u00a0\u00a0\u00a0\u00a0\u00a0\u00a0\u00a0 Senn\u00fd trh 13, Kom\u00e1rno 945 01<\/p><p>I\u010cO: \u00a0\u00a0\u00a0\u00a0\u00a0\u00a0\u00a0\u00a0\u00a0\u00a0\u00a0\u00a0\u00a0\u00a0\u00a0\u00a0\u00a0\u00a0\u00a0\u00a0\u00a0\u00a0\u00a0\u00a0\u00a0\u00a0\u00a0\u00a0\u00a0\u00a0\u00a0\u00a0\u00a0\u00a0\u00a0\u00a0\u00a0 36554758<\/p><p>e-mail: \u00a0\u00a0\u00a0\u00a0\u00a0\u00a0\u00a0\u00a0\u00a0\u00a0\u00a0\u00a0\u00a0\u00a0\u00a0\u00a0\u00a0\u00a0\u00a0\u00a0\u00a0\u00a0\u00a0\u00a0\u00a0\u00a0\u00a0\u00a0\u00a0\u00a0\u00a0\u00a0 info@alfygeo.sk<\/p><p>tel.: \u00a0\u00a0\u00a0\u00a0\u00a0\u00a0\u00a0\u00a0\u00a0\u00a0\u00a0\u00a0\u00a0\u00a0\u00a0\u00a0\u00a0\u00a0\u00a0\u00a0\u00a0\u00a0\u00a0\u00a0\u00a0\u00a0\u00a0\u00a0\u00a0\u00a0\u00a0\u00a0\u00a0\u00a0\u00a0\u00a0\u00a0\u00a0 0905650747<\/p><p>\u00a0<\/p><p>(\u010falej len \u201eprev\u00e1dzkovate\u013e\u201c)<\/p><p>\u00a0<\/p><p><strong>Kontaktn\u00e9 \u00fadaje prev\u00e1dzkovate\u013eom poverenej osoby<\/strong><\/p><p><strong>Dotknut\u00e1 osoba sa m\u00f4\u017ee v pr\u00edpade potreby kedyko\u013evek obr\u00e1ti\u0165 na osobu poveren\u00fa<\/strong><\/p><p><strong>prev\u00e1dzkovate\u013eom (\u201epoverenca\u201c) v s\u00favislosti s ochranou osobn\u00fdch \u00fadajov, a to:<\/strong><\/p><p>Meno a priezvisko: \u00a0\u00a0\u00a0\u00a0\u00a0\u00a0\u00a0\u00a0 Jozef Alf\u00f6ldy<\/p><p>e-mail:\u00a0\u00a0\u00a0\u00a0\u00a0\u00a0\u00a0\u00a0\u00a0\u00a0\u00a0\u00a0\u00a0\u00a0\u00a0\u00a0\u00a0\u00a0\u00a0\u00a0\u00a0\u00a0\u00a0\u00a0\u00a0\u00a0\u00a0\u00a0\u00a0\u00a0\u00a0\u00a0\u00a0 info@alfygeo.sk<\/p><p>tel.:\u00a0\u00a0\u00a0\u00a0\u00a0\u00a0\u00a0\u00a0\u00a0\u00a0\u00a0\u00a0\u00a0\u00a0\u00a0\u00a0\u00a0\u00a0\u00a0\u00a0\u00a0\u00a0\u00a0 \u00a0\u00a0\u00a0\u00a0\u00a0\u00a0\u00a0\u00a0\u00a0\u00a0\u00a0\u00a0\u00a0\u00a0\u00a0 0905650747<\/p><p>\u00a0<\/p><ol><li><strong> V\u0161eobecn\u00e9 inform\u00e1cie<\/strong><\/li><li>Prev\u00e1dzkovate\u013e je obchodnou spolo\u010dnos\u0165ou venuj\u00facou sa najm\u00e4 maloobchodu<\/li><\/ol><p>a ve\u013ekoobchodu, a to najm\u00e4 plneniu, dodaniu, dovozu a v\u00fdvozu miner\u00e1lnych a zdrav\u00fdch v\u00f4d,<\/p><p>ako aj \u010fal\u0161\u00edm \u010dinnostiam, ktor\u00e9 m\u00e1 zap\u00edsan\u00e9 ako predmety podnikania v obchodnom registri.<\/p><ol start=\"2\"><li>Pri realiz\u00e1ci\u00ed uveden\u00fdch \u010dinnost\u00ed m\u00f4\u017eu dotknut\u00e9 osoby prev\u00e1dzkovate\u013eovi dobrovo\u013ene<\/li><\/ol><p>poskytn\u00fa\u0165 svoje osobn\u00e9 \u00fadaje identifikuj\u00face u\u017e\u00edvate\u013ea ako konkr\u00e9tnu osobu, a to najm\u00e4<\/p><p>elektronickou po\u0161tou (e-mailom), vyplnen\u00edm formul\u00e1ru, v s\u00favislosti s akciami<\/p><p>organizovan\u00fdmi prev\u00e1dzkovate\u013eom alebo v r\u00e1mci pr\u00e1vnych vz\u0165ahov, do ktor\u00fdch dotknut\u00e1<\/p><p>osoba vst\u00fapi s prev\u00e1dzkovate\u013eom, ako napr. uzatvoren\u00edm pracovnej, ob\u010diansko \/ obchodno<\/p><p>pr\u00e1vnej alebo inej zmluvy.<\/p><p>\u00a0<\/p><p>\u00a0<\/p><ol start=\"3\"><li>Tieto Z\u00e1sady spracovania a ochrany osobn\u00fdch \u00fadajov (\u010falej len \u201e<\/li><\/ol><p>Z\u00e1sady\u201c) sa vz\u0165ahuj\u00fa na v\u0161etky situ\u00e1cie, za ktor\u00fdch doch\u00e1dza k spracovaniu osobn\u00fdch \u00fadajov<\/p><p>dotknut\u00fdch os\u00f4b prev\u00e1dzkovate\u013eom, pri\u010dom z\u00e1rove\u0148 obsahuj\u00fa okruh inform\u00e1ci\u00ed<\/p><p>v s\u00favislosti so spracovan\u00edm osobn\u00fdch \u00fadajov, ktor\u00e9 V\u00e1m zo strany prev\u00e1dzkovate\u013ea musia<\/p><p>by\u0165 poskytnut\u00e9.<\/p><p>\u00a0<\/p><ol><li><strong> V\u00fdklad niektor\u00fdch pojmov<\/strong><\/li><\/ol><p><strong>GDPR<\/strong> &#8211; Nariadenie Eur\u00f3pskeho parlamentu a Rady (E\u00da) 2016\/679 z 27. apr\u00edla 2016 o ochrane<\/p><p>fyzick\u00fdch os\u00f4b pri sprac\u00favan\u00ed osobn\u00fdch \u00fadajov a o vo\u013enom pohybe tak\u00fdchto \u00fadajov.<\/p><p><strong>Osobn\u00e9 \u00fadaje<\/strong> \u2013 s\u00fa ak\u00e9ko\u013evek inform\u00e1cie t\u00fdkaj\u00face sa identifikovanej alebo<\/p><p>identifikovate\u013enej fyzickej osoby (resp. \u201edotknutej osoby\u201c), ktorou sa rozumie osoba, ktor\u00fa<\/p><p>mo\u017eno identifikova\u0165 priamo alebo nepriamo, najm\u00e4 odkazom na identifik\u00e1tor, ako je meno,<\/p><p>identifika\u010dn\u00e9 \u010d\u00edslo, lokaliza\u010dn\u00e9 \u00fadaje, online identifik\u00e1tor, alebo odkazom na jeden \u010di<\/p><p>viacer\u00e9 prvky, ktor\u00e9 s\u00fa \u0161pecifick\u00e9 pre fyzick\u00fa, fyziologick\u00fa, genetick\u00fa, ment\u00e1lnu,<\/p><p>ekonomick\u00fa, kult\u00farnu alebo soci\u00e1lnu identitu tejto fyzickej osoby.<\/p><p><strong>Sprac\u00favanie<\/strong> \u2013 je oper\u00e1cia alebo s\u00fabor oper\u00e1ci\u00ed s osobn\u00fdmi \u00fadajmi alebo s\u00fabormi osobn\u00fdch<\/p><p>\u00fadajov, napr\u00edklad z\u00edskavanie, zaznamen\u00e1vanie, usporad\u00favanie, \u0161trukt\u00farovanie,<\/p><p>uchov\u00e1vanie, preprac\u00favanie alebo zmena, vyh\u013ead\u00e1vanie, prehliadanie, vyu\u017e\u00edvanie,<\/p><p>poskytovanie prenosom, \u0161\u00edren\u00edm alebo poskytovanie in\u00fdm sp\u00f4sobom, preskupovanie alebo<\/p><p>kombinovanie, obmedzenie, vymazanie alebo likvid\u00e1cia, bez oh\u013eadu na to, \u010di sa vykon\u00e1vaj\u00fa<\/p><p>automatizovan\u00fdmi alebo neautomatizovan\u00fdmi prostriedkami.<\/p><p><strong>Informa\u010dn\u00fd syst\u00e9m<\/strong> \u2013 je ak\u00fdko\u013evek usporiadan\u00fd s\u00fabor osobn\u00fdch \u00fadajov, ktor\u00e9 s\u00fa pr\u00edstupn\u00e9<\/p><p>pod\u013ea ur\u010den\u00fdch krit\u00e9ri\u00ed, bez oh\u013eadu na to, \u010di ide o syst\u00e9m centralizovan\u00fd, decentralizovan\u00fd<\/p><p>alebo distribuovan\u00fd na funk\u010dnom alebo geografickom z\u00e1klade.<\/p><p><strong>Prev\u00e1dzkovate\u013e<\/strong> \u2013 je fyzick\u00e1 alebo pr\u00e1vnick\u00e1 osoba, org\u00e1n verejnej moci, agent\u00fara alebo in\u00fd<\/p><p>subjekt, ktor\u00fd s\u00e1m alebo spolo\u010dne s in\u00fdmi ur\u010d\u00ed \u00fa\u010dely a prostriedky sprac\u00favania osobn\u00fdch<\/p><p>\u00fadajov.<\/p><p><strong>Sprostredkovate\u013e<\/strong> \u2013 je fyzick\u00e1 alebo pr\u00e1vnick\u00e1 osoba, org\u00e1n verejnej moci, agent\u00fara alebo<\/p><p>in\u00fd subjekt, ktor\u00fd sprac\u00fava osobn\u00e9 \u00fadaje v mene prev\u00e1dzkovate\u013ea.<\/p><p><strong>S\u00fahlas dotknutej osoby<\/strong> \u2013 je ak\u00fdko\u013evek slobodne dan\u00fd, konkr\u00e9tny, informovan\u00fd a<\/p><p>jednozna\u010dn\u00fd prejav v\u00f4le dotknutej osoby, ktor\u00fdm formou vyhl\u00e1senia alebo jednozna\u010dn\u00e9ho<\/p><p>potvrdzuj\u00faceho \u00fakonu vyjadruje s\u00fahlas so sprac\u00favan\u00edm osobn\u00fdch \u00fadajov, ktor\u00e9 sa jej t\u00fdka.<\/p><p>\u00a0<\/p><p><strong>III. Sp\u00f4sob, \u00fa\u010del a pr\u00e1vny z\u00e1klad spracovania osobn\u00fdch \u00fadajov<\/strong><\/p><ol><li>Prev\u00e1dzkovate\u013e sprac\u00fava Va\u0161e osobn\u00e9 \u00fadaje, ako automatizovane, tak aj manu\u00e1lne,<\/li><\/ol><p>av\u0161ak iba rozsahu nevyhnutne potrebnom na naplnenie \u00fa\u010delu spracovania a na<\/p><p>nevyhnutn\u00fa dobu (t. j. v pr\u00edpade poskytnutia osobn\u00fdch \u00fadajov nad tento r\u00e1mec, resp. ak<\/p><p>odpadne \u00fa\u010del alebo pr\u00e1vny z\u00e1klad ich spracovania, prev\u00e1dzkovate\u013e tak\u00e9to \u00fadaje \u010falej<\/p><p>nespracov\u00e1va a odstr\u00e1ni ich zo svojich informa\u010dn\u00fdch syst\u00e9mov).<\/p><ol start=\"2\"><li>\u00da\u010delom a pr\u00e1vnym z\u00e1kladom sprac\u00favania osobn\u00fdch \u00fadajov (t. j. d\u00f4vodom pre ktor\u00fd<\/li><\/ol><p>k spracovaniu doch\u00e1dza) dotknut\u00fdch os\u00f4b je najm\u00e4:<\/p><ul><li>uzatv\u00e1ranie zmluvn\u00fdch a in\u00fdch obdobn\u00fdch pr\u00e1vnych vz\u0165ahov s prev\u00e1dzkovate\u013eom<\/li><\/ul><p>a veci s t\u00fdm s\u00favisiace, napr. plnenie zmluvnej povinnosti v s\u00favislosti s miner\u00e1lnymi<\/p><p>vodami, a pod. v zmysle \u010dl. 6 odst. 1 p\u00edsm. b) GDPR;<\/p><ul><li>uplat\u0148ovanie opr\u00e1vnen\u00fdch z\u00e1ujmov prev\u00e1dzkovate\u013ea v zmysle \u010dl. 6 odst. 1 p\u00edsm. f)<\/li><\/ul><p>GDPR, a to najm\u00e4 zasielanie noviniek a newsletterov osob\u00e1m, ktor\u00e9 u\u017e v minulosti<\/p><p>poskytli svoje \u00fadaje prev\u00e1dzkovate\u013eovi a to za \u00fa\u010delom skvalitnenia poskytovan\u00fdch<\/p><p>slu\u017eieb a poskytnutia s\u00favisiacich inform\u00e1ci\u00ed;<\/p><ul><li>plnenie z\u00e1konn\u00fdch povinnost\u00ed prev\u00e1dzkovate\u013ea v zmysle \u010dl. 6 odst. 1 p\u00edsm. c) GDPR a<\/li><\/ul><p>to najm\u00e4 vo vz\u0165ahu k plneniu z\u00e1konn\u00fdch povinnost\u00ed prev\u00e1dzkovate\u013ea ako<\/p><p>zamestn\u00e1vate\u013ea vo\u010di svojim zamestnancom, plnenie povinnost\u00ed vypl\u00fdvaj\u00facich<\/p><p>prev\u00e1dzkovate\u013eovi zo z\u00e1kona o \u00fa\u010dtovn\u00edctve a pod.;<\/p><ul><li>realiz\u00e1cie priameho marketingu na z\u00e1klade s\u00fahlasu dotknutej osoby v zmysle \u010dl. 6<\/li><\/ul><p>odst. 1 p\u00edsm. a) GDPR, napr. zasielanie noviniek a newsletterov, osob\u00e1m, ktor\u00e9 e\u0161te<\/p><p>neposkytli svoje \u00fadaje prev\u00e1dzkovate\u013eovi;<\/p><ul><li>spracovanie osobn\u00fdch \u00fadajov na z\u00e1klade s\u00fahlasu dotknutej osoby v zmysle \u010dl. 6 odst.<\/li><\/ul><p>1 p\u00edsm. a) GDPR v s\u00favislosti s \u010dinnos\u0165ou prev\u00e1dzkovate\u013ea, v s\u00falade s \u00fa\u010delom na ktor\u00fd<\/p><p>bol s\u00fahlas poskytnut\u00fd, t. j. napr. spracovanie osobn\u00fdch \u00fadajov pri podujatiach<\/p><p>organizovan\u00fdch prev\u00e1dzkovate\u013eom, ak nejde o opr\u00e1vnen\u00fd z\u00e1ujem prev\u00e1dzkovate\u013ea;<\/p><ul><li>spracovanie osobn\u00fdch \u00fadajov na \u00fa\u010dely ochrany \u017eivotne d\u00f4le\u017eit\u00fdch z\u00e1ujmov dotknutej<\/li><\/ul><p>osoby v zmysle \u010dl. 6 odst. 1 p\u00edsm. d) GDPR, napr. v pr\u00edpadoch, ke\u010f je nevyhnutn\u00e9<\/p><p>z\u00edska\u0165 a n\u00e1sledne spracova\u0165 osobn\u00e9 \u00fadaje za \u00fa\u010delom zavolania r\u00fdchlej zdravotnej<\/p><p>pomoci.<\/p><ol start=\"3\"><li>Osobn\u00e9 \u00fadaje prev\u00e1dzkovate\u013eovi ako dotknut\u00e1 osoba poskytujete na z\u00e1klade V\u00e1\u0161ho<\/li><\/ol><p>dobrovo\u013en\u00e9ho rozhodnutia (t. j. nem\u00e1te \u017eiadnu povinnos\u0165 tak u\u010dini\u0165). Prev\u00e1dzkovate\u013e v\u0161ak<\/p><p>uv\u00e1dza, \u017ee v niektor\u00fdch pr\u00edpadoch nie je bez poskytnutia konkr\u00e9tnych osobn\u00fdch \u00fadajov<\/p><p>mo\u017en\u00e9 vykona\u0165 Vami po\u017eadovan\u00e9 \u00fakony (napr\u00edklad nie je mo\u017en\u00e9 bez poskytnutia<\/p><p>niektor\u00fdch Va\u0161ich osobn\u00fdch \u00fadajov uzatvori\u0165 s prev\u00e1dzkovate\u013eom pracovn\u00fa zmluvu alebo<\/p><p>realizova\u0165 objedn\u00e1vku \u010di plnenie inej zmluvy).<\/p><ol start=\"4\"><li>Ak je na spracovanie poskytnut\u00fdch osobn\u00fdch \u00fadajov potrebn\u00fd s\u00fahlas V\u00e1s ako<\/li><\/ol><p>dotknutej osoby, je prev\u00e1dzkovate\u013e povinn\u00fd si ho od V\u00e1s vopred vy\u017eiada\u0165. Pri sprac\u00favan\u00ed<\/p><p>osobn\u00fdch \u00fadajov na z\u00e1klade s\u00fahlasu so spracovan\u00edm, m\u00f4\u017eete kedyko\u013evek svoj s\u00fahlas odvola\u0165,<\/p><p>a to rovnako jednoduch\u00fdm sp\u00f4sobom, ako bol udelen\u00fd (napr. v pr\u00edpade elektronicky<\/p><p>udelen\u00e9ho s\u00fahlasu je mo\u017en\u00e9 s\u00fahlas odvola\u0165 zaslan\u00edm e-mailovej spr\u00e1vy poverencovi alebo<\/p><p>priamo prev\u00e1dzkovate\u013eovi), av\u0161ak bez toho, aby to malo vplyv na z\u00e1konnos\u0165 sprac\u00favania<\/p><p>osobn\u00fdch \u00fadajov pred odvolan\u00edm s\u00fahlasu.<\/p><p>\u00a0<\/p><ol><li><strong> Rozsah spracovania osobn\u00fdch \u00fadajov<\/strong><\/li><li>Prev\u00e1dzkovate\u013e sprac\u00fava Va\u0161e osobn\u00e9 \u00fadaje iba v nevyhnutnom rozsahu potrebnom<\/li><\/ol><p>na naplnenie \u00fa\u010delu spracovania. Napr. na \u00fa\u010dely uzatvorenia zmluvy obvykle nepotrebuje<\/p><p>prev\u00e1dzkovate\u013e z\u00edska\u0165 a sprac\u00fava\u0165 Va\u0161u fotografiu a sprac\u00fava tak iba osobn\u00e9 \u00fadaje, ktor\u00e9 s\u00fa<\/p><p>nevyhnutn\u00e9 na plnenie pr\u00e1v a povinnost\u00ed vypl\u00fdvaj\u00facich zo zmluvy (t. j. meno a priezvisko,<\/p><p>adresa, kontakt, pr\u00edpadne in\u00e9 nevyhnutn\u00e9 \u00fadaje). S\u00fa\u010dasne plat\u00ed, \u017ee v pr\u00edpade poskytnutia<\/p><p>osobn\u00fdch \u00fadajov nad nevyhnutn\u00fd r\u00e1mec, prev\u00e1dzkovate\u013e tak\u00e9to \u00fadaje \u010falej nespracov\u00e1va<\/p><p>a odstr\u00e1ni ich zo svojich informa\u010dn\u00fdch syst\u00e9mov.<\/p><p>\u00a0<\/p><ol><li><strong> Bezpe\u010dnos\u0165 osobn\u00fdch \u00fadajov a doba uchov\u00e1vania<\/strong><\/li><li>Vami dobrovo\u013ene poskytnut\u00e9 osobn\u00e9 \u00fadaje s\u00fa ulo\u017een\u00e9 v bezpe\u010dnom prostred\u00ed a bud\u00fa<\/li><\/ol><p>pou\u017eit\u00e9 prev\u00e1dzkovate\u013eom v\u00fdhradne pri plnen\u00ed povinnost\u00ed a\/alebo z\u00e1v\u00e4zkov vo\u010di osob\u00e1m,<\/p><p>ktor\u00e9 poskytli prev\u00e1dzkovate\u013eovi osobn\u00e9 \u00fadaje in\u00fdm sp\u00f4sobom, a to iba v rozsahu, ktor\u00fd<\/p><p>vyplynie z podanej inform\u00e1cie, na dobu potrebn\u00fa na uplat\u0148ovanie pr\u00e1v a plnenie povinnost\u00ed<\/p><p>prev\u00e1dzkovate\u013ea vypl\u00fdvaj\u00facu z uzatvorenej zmluvy, pr\u00e1vnych predpisov, pr\u00edpadne na dobu<\/p><p>s ktorou ste s\u00fahlasili (ak nie je pr\u00e1vnymi predpismi alebo dohodou stanoven\u00e9 inak, je t\u00e1to<\/p><p>doba najviac 10 rokov od poskytnutia osobn\u00fdch \u00fadajov).<\/p><ol start=\"2\"><li>V s\u00favislosti s dobou uchov\u00e1vania osobn\u00fdch \u00fadajov prev\u00e1dzkovate\u013e odkazuje najm\u00e4 na<\/li><\/ol><p>to, \u017ee uchov\u00e1vanie osobn\u00fdch \u00fadajov m\u00e1 svoj z\u00e1klad aj v niektor\u00fdch pr\u00e1vnych predpisoch,<\/p><p>ako je napr. z\u00e1kon o \u00fa\u010dtovn\u00edctve, ktor\u00fd priamo uklad\u00e1 ich uchov\u00e1vanie na ur\u010dit\u00fa dobu<\/p><p>a z\u00e1rove\u0148 je ich dlhodobej\u0161ie uchov\u00e1vanie potrebn\u00e9 aj z d\u00f4vodu mo\u017enosti uplat\u0148ovania pr\u00e1v<\/p><p>prev\u00e1dzkovate\u013ea, najm\u00e4 s poukazom na z\u00e1konn\u00e9 preml\u010dacie lehoty. Aj tu ale plat\u00ed, \u017ee<\/p><p>prev\u00e1dzkovate\u013e uchov\u00e1va len \u00fadaje, ktor\u00fdch uchov\u00e1vanie je nevyhnutn\u00e9.<\/p><ol start=\"3\"><li>Prev\u00e1dzkovate\u013e vyhlasuje, \u017ee zabezpe\u010dil primeran\u00e9 technick\u00e9 a organiza\u010dn\u00e9<\/li><\/ol><p>opatrenia na zabezpe\u010denie sprac\u00favania Va\u0161ich osobn\u00fdch \u00fadajov, pri\u010dom z\u00e1rove\u0148 vyhlasuje,<\/p><p>\u017ee po uplynut\u00ed doby ich sprac\u00favania a uchov\u00e1vania zabezpe\u010d\u00ed ich likvid\u00e1ciu, sp\u00f4sobom<\/p><p>poskytuj\u00facim dostato\u010dn\u00e9 z\u00e1ruky vo\u010di ich mo\u017en\u00e9mu zneu\u017eitiu.<\/p><p>\u00a0<\/p><ol><li><strong> Spracovanie osobn\u00fdch \u00fadajov in\u00fdm subjektom ako prev\u00e1dzkovate\u013e<\/strong><\/li><li>Prev\u00e1dzkovate\u013e vyhlasuje, \u017ee tretej strane neprenajme, nepred\u00e1 ani si s tre\u0165ou<\/li><\/ol><p>stranou nevymen\u00ed osobn\u00e9 \u00fadaje dotknutej osoby (t. j. \u00fadaje ako meno, adresu, telef\u00f3nne<\/p><p>\u010d\u00edslo, e-mail at\u010f., ktor\u00e9 identifikuj\u00fa u\u017e\u00edvate\u013ea ako konkr\u00e9tnu osobu), bez v\u00fdslovn\u00e9ho s\u00fahlasu<\/p><p>V\u00e1s ako dotknutej osoby, \u010d\u00edm v\u0161ak nie je dotknut\u00e1 mo\u017enos\u0165 prev\u00e1dzkovate\u013ea ur\u010di\u0165 na<\/p><p>spracovanie osobn\u00fdch \u00fadajov v s\u00falade s t\u00fdmito Z\u00e1sadami a nariaden\u00edm GPDR<\/p><p>sprostredkovate\u013ea. V podmienkach prev\u00e1dzkovate\u013ea m\u00f4\u017ee \u00eds\u0165 najm\u00e4 o:<\/p><p>&#8211; osoby podie\u013eaj\u00face sa na preprave tovaru, ak je prev\u00e1dzkovate\u013eom zasielan\u00fd,<\/p><p>&#8211; osoby podie\u013eaj\u00face sa na realiz\u00e1ci\u00ed platobn\u00fdch a in\u00fdch slu\u017eieb na podklade objedn\u00e1vky<\/p><p>a pod.,<\/p><p>&#8211; osoby zais\u0165uj\u00face chod webovej str\u00e1nky a slu\u017eby s t\u00fdm s\u00favisiace,<\/p><p>&#8211; osoby zais\u0165uj\u00face marketingov\u00e9 slu\u017eby,<\/p><p>&#8211; osoby vykon\u00e1vaj\u00face \u00fa\u010dtovn\u00e9 slu\u017eby, v pr\u00edpade uplat\u0148ovania pr\u00e1v prev\u00e1dzkovate\u013ea<\/p><p>advok\u00e1t a pod..<\/p><ol start=\"2\"><li>Rovnako t\u00fdm nie je dotknut\u00e1 t\u00e1 skuto\u010dnos\u0165, \u017ee k Va\u0161im dobrovo\u013ene poskytnut\u00fdm<\/li><\/ol><p>\u00fadajom m\u00f4\u017eu ma\u0165 pr\u00edstup aj in\u00e9, na to vyslovene prev\u00e1dzkovate\u013eom poveren\u00e9 a riadne<\/p><p>pou\u010den\u00e9 osoby (napr. osoby v pracovnom pomere s prev\u00e1dzkovate\u013eom), av\u0161ak v\u00fdhradne<\/p><p>na \u00fa\u010dely nevyhnutne potrebnom na spracovanie Va\u0161ich osobn\u00fdch \u00fadajov v s\u00falade<\/p><p>s \u00fa\u010delom, na ktor\u00e9 boli poskytnut\u00e9. Prev\u00e1dzkovate\u013e je taktie\u017e v z\u00e1konom stanoven\u00fdch<\/p><p>pr\u00edpadoch opr\u00e1vnen\u00fd, resp. povinn\u00fd, niektor\u00e9 osobn\u00e9 \u00fadaje odovzda\u0165 na z\u00e1klade platn\u00fdch<\/p><p>pr\u00e1vnych predpisov, napr\u00edklad org\u00e1nom \u010dinn\u00fdm v trestnom konan\u00ed \u010di \u010fal\u0161\u00edm org\u00e1nom<\/p><p>verejnej moci.<\/p><p>\u00a0<\/p><p><strong>VII. Profilovanie a automatizovan\u00e9 rozhodnutia<\/strong><\/p><ol><li>Prev\u00e1dzkovate\u013e vyhlasuje, \u017ee Vami poskytnut\u00e9 osobn\u00e9 \u00fadaje nie s\u00fa vyu\u017e\u00edvan\u00e9 na \u00fa\u010dely<\/li><\/ol><p>profilovania. Rovnako Va\u0161e osobn\u00e9 \u00fadaje nie s\u00fa ani predmetom automatizovan\u00e9ho<\/p><p>rozhodovania.<\/p><p>\u00a0<\/p><p><strong>VIII. Prenos \u00fadajov do tretej krajiny<\/strong><\/p><ol><li>Prev\u00e1dzkovate\u013e rovnako vyhlasuje, \u017ee Va\u0161e osobn\u00e9 \u00fadaje nepren\u00e1\u0161a do tretej krajiny<\/li><\/ol><p>(t. j. mimo E\u00da) a ani do medzin\u00e1rodnej organiz\u00e1cie.<\/p><p>\u00a0<\/p><ol><li><strong> Vyhl\u00e1senie dotknutej osoby<\/strong><\/li><li>Pred t\u00fdm ako dobrovo\u013ene pod\u00e1te prev\u00e1dzkovate\u013eovi inform\u00e1cie, prehlasujete, \u017ee<\/li><\/ol><p>v\u0161etky Vami uveden\u00e9 osobn\u00e9 \u00fadaje s\u00fa pravdiv\u00e9, presn\u00e9, aktu\u00e1lne a \u00fapln\u00e9 a d\u00e1vate (tam kde<\/p><p>je to aplikovate\u013en\u00e9) svoj dobrovo\u013en\u00fd s\u00fahlas na ich sprac\u00favanie.<\/p><p>\u00a0<\/p><ol><li><strong> Pou\u010denie o pr\u00e1vach dotknutej osoby<\/strong><\/li><li>Ako dotknut\u00e1 osoba disponujete na z\u00e1klade GDPR, ur\u010dit\u00fdmi pr\u00e1vami, medzi ktor\u00e9<\/li><\/ol><p>patr\u00ed napr.:<\/p><ul><li>pr\u00e1vo poda\u0165 s\u0165a\u017enos\u0165 dozorn\u00e9mu org\u00e1nu (t. j. \u00daradu na ochranu osobn\u00fdch \u00fadajov SR,<\/li><\/ul><p>so s\u00eddlom Hrani\u010dn\u00e1 12, 820 07 Bratislava 27, Slovensk\u00e1 republika, I\u010cO: 36 064 220,<\/p><p>tel. \u010d.: +421 2 3231 3220),<\/p><ul><li>pr\u00e1vo po\u017eadova\u0165 pr\u00edstup k osobn\u00fdm \u00fadajom,<\/li><li>pr\u00e1vo na opravu a vymazanie osobn\u00fdch \u00fadajov,<\/li><li>pr\u00e1vo na obmedzenie sprac\u00favania, pr\u00e1vo namieta\u0165 proti sprac\u00favaniu osobn\u00fdch \u00fadajov<\/li><li>\u010di pr\u00e1vo na prenosnos\u0165 \u00fadajov.<\/li><\/ul><ol start=\"2\"><li>Kompletn\u00e9 pou\u010denie dotknutej osoby, o v\u0161etk\u00fdch pr\u00e1vach, ktor\u00e9 jej v s\u00favislosti<\/li><\/ol><p>s ochranou osobn\u00fdch \u00fadajov vypl\u00e1vaj\u00fa GDPR mo\u017eno n\u00e1js\u0165 v s\u00eddle prev\u00e1dzkovate\u013ea, pr\u00edpadne<\/p><p>ho prev\u00e1dzkovate\u013e poskytne na vy\u017eiadanie v elektronickej forme.<\/p><ol><li><strong> Z\u00e1vere\u010dn\u00e9 ustanovenia<\/strong><\/li><li>Tieto Z\u00e1sady nadob\u00fadaj\u00fa \u00fa\u010dinnos\u0165 d\u0148a 25.05.2018.<\/li><li>Prev\u00e1dzkovate\u013e je opr\u00e1vnen\u00fd tieto Z\u00e1sady zmeni\u0165. Nov\u00fa verziu Z\u00e1sad prev\u00e1dzkovate\u013e<\/li><\/ol><p>bezodkladne zverejn\u00ed po ich prijat\u00ed.<\/p><p>\u00a0<\/p><p>\u00a0<\/p><p>V Kom\u00e1rne, d\u0148a 24.05.2018<\/p><p>&#8212;&#8212;&#8212;&#8212;&#8212;&#8212;&#8212;&#8212;&#8212;&#8212;&#8212;&#8212;-<\/p><p>\u00a0\u00a0\u00a0\u00a0\u00a0\u00a0\u00a0\u00a0\u00a0\u00a0\u00a0\u00a0\u00a0\u00a0\u00a0\u00a0\u00a0\u00a0\u00a0\u00a0\u00a0\u00a0\u00a0\u00a0\u00a0\u00a0\u00a0\u00a0\u00a0\u00a0\u00a0\u00a0\u00a0\u00a0 ALFYGEO Plus s.r.o.<\/p><p>zast. Jozef Alf\u00f6ldy, konate\u013e<\/p>\t\t\t\t\t\t\t\t<\/div>\n\t\t\t\t<\/div>\n\t\t\t\t\t<\/div>\n\t\t<\/div>\n\t\t\t\t\t<\/div>\n\t\t<\/section>\n\t\t\t\t<\/div>\n\t\t","protected":false},"excerpt":{"rendered":"<p>Z\u00c1SADY SPRACOVANIA A OCHRANY OSOBN\u00ddCH \u00daDAJOV prev\u00e1dzkovate\u013ea: Obchodn\u00e9 meno: \u00a0\u00a0\u00a0\u00a0\u00a0\u00a0\u00a0\u00a0\u00a0\u00a0 ALFYGEO Plus s.r.o. S\u00eddlo:\u00a0\u00a0\u00a0\u00a0\u00a0\u00a0\u00a0\u00a0\u00a0\u00a0\u00a0\u00a0\u00a0\u00a0\u00a0\u00a0\u00a0\u00a0\u00a0\u00a0\u00a0\u00a0\u00a0\u00a0\u00a0\u00a0\u00a0\u00a0\u00a0\u00a0\u00a0\u00a0\u00a0\u00a0\u00a0 Senn\u00fd trh 13, Kom\u00e1rno 945 01 I\u010cO: \u00a0\u00a0\u00a0\u00a0\u00a0\u00a0\u00a0\u00a0\u00a0\u00a0\u00a0\u00a0\u00a0\u00a0\u00a0\u00a0\u00a0\u00a0\u00a0\u00a0\u00a0\u00a0\u00a0\u00a0\u00a0\u00a0\u00a0\u00a0\u00a0\u00a0\u00a0\u00a0\u00a0\u00a0\u00a0\u00a0\u00a0 36554758 e-mail: \u00a0\u00a0\u00a0\u00a0\u00a0\u00a0\u00a0\u00a0\u00a0\u00a0\u00a0\u00a0\u00a0\u00a0\u00a0\u00a0\u00a0\u00a0\u00a0\u00a0\u00a0\u00a0\u00a0\u00a0\u00a0\u00a0\u00a0\u00a0\u00a0\u00a0\u00a0\u00a0 info@alfygeo.sk tel.: \u00a0\u00a0\u00a0\u00a0\u00a0\u00a0\u00a0\u00a0\u00a0\u00a0\u00a0\u00a0\u00a0\u00a0\u00a0\u00a0\u00a0\u00a0\u00a0\u00a0\u00a0\u00a0\u00a0\u00a0\u00a0\u00a0\u00a0\u00a0\u00a0\u00a0\u00a0\u00a0\u00a0\u00a0\u00a0\u00a0\u00a0\u00a0 0905650747 \u00a0 (\u010falej len \u201eprev\u00e1dzkovate\u013e\u201c) \u00a0 Kontaktn\u00e9 \u00fadaje prev\u00e1dzkovate\u013eom poverenej osoby Dotknut\u00e1 osoba sa m\u00f4\u017ee v pr\u00edpade potreby kedyko\u013evek obr\u00e1ti\u0165 na osobu poveren\u00fa prev\u00e1dzkovate\u013eom (\u201epoverenca\u201c) v s\u00favislosti [&hellip;]<\/p>\n","protected":false},"author":1,"featured_media":0,"parent":0,"menu_order":0,"comment_status":"closed","ping_status":"closed","template":"","meta":{"_monsterinsights_skip_tracking":false,"_monsterinsights_sitenote_active":false,"_monsterinsights_sitenote_note":"","_monsterinsights_sitenote_category":0,"footnotes":""},"class_list":["post-1113","page","type-page","status-publish","hentry"],"yoast_head":"<!-- This site is optimized with the Yoast SEO plugin v24.3 - https:\/\/yoast.com\/wordpress\/plugins\/seo\/ -->\n<title>Z\u00c1SADY SPRACOVANIA A OCHRANY OSOBN\u00ddCH \u00daDAJOV - Alfygeo plus<\/title>\n<meta name=\"robots\" content=\"index, follow, max-snippet:-1, max-image-preview:large, max-video-preview:-1\" \/>\n<link rel=\"canonical\" href=\"https:\/\/www.alfygeo.sk\/hu\/zasady-spracovania-a-ochrany-osobnych-udajov\/\" \/>\n<meta property=\"og:locale\" content=\"hu_HU\" \/>\n<meta property=\"og:type\" content=\"article\" \/>\n<meta property=\"og:title\" content=\"Z\u00c1SADY SPRACOVANIA A OCHRANY OSOBN\u00ddCH \u00daDAJOV - Alfygeo plus\" \/>\n<meta property=\"og:description\" content=\"Z\u00c1SADY SPRACOVANIA A OCHRANY OSOBN\u00ddCH \u00daDAJOV prev\u00e1dzkovate\u013ea: Obchodn\u00e9 meno: \u00a0\u00a0\u00a0\u00a0\u00a0\u00a0\u00a0\u00a0\u00a0\u00a0 ALFYGEO Plus s.r.o. S\u00eddlo:\u00a0\u00a0\u00a0\u00a0\u00a0\u00a0\u00a0\u00a0\u00a0\u00a0\u00a0\u00a0\u00a0\u00a0\u00a0\u00a0\u00a0\u00a0\u00a0\u00a0\u00a0\u00a0\u00a0\u00a0\u00a0\u00a0\u00a0\u00a0\u00a0\u00a0\u00a0\u00a0\u00a0\u00a0\u00a0 Senn\u00fd trh 13, Kom\u00e1rno 945 01 I\u010cO: \u00a0\u00a0\u00a0\u00a0\u00a0\u00a0\u00a0\u00a0\u00a0\u00a0\u00a0\u00a0\u00a0\u00a0\u00a0\u00a0\u00a0\u00a0\u00a0\u00a0\u00a0\u00a0\u00a0\u00a0\u00a0\u00a0\u00a0\u00a0\u00a0\u00a0\u00a0\u00a0\u00a0\u00a0\u00a0\u00a0\u00a0 36554758 e-mail: \u00a0\u00a0\u00a0\u00a0\u00a0\u00a0\u00a0\u00a0\u00a0\u00a0\u00a0\u00a0\u00a0\u00a0\u00a0\u00a0\u00a0\u00a0\u00a0\u00a0\u00a0\u00a0\u00a0\u00a0\u00a0\u00a0\u00a0\u00a0\u00a0\u00a0\u00a0\u00a0 info@alfygeo.sk tel.: \u00a0\u00a0\u00a0\u00a0\u00a0\u00a0\u00a0\u00a0\u00a0\u00a0\u00a0\u00a0\u00a0\u00a0\u00a0\u00a0\u00a0\u00a0\u00a0\u00a0\u00a0\u00a0\u00a0\u00a0\u00a0\u00a0\u00a0\u00a0\u00a0\u00a0\u00a0\u00a0\u00a0\u00a0\u00a0\u00a0\u00a0\u00a0 0905650747 \u00a0 (\u010falej len \u201eprev\u00e1dzkovate\u013e\u201c) \u00a0 Kontaktn\u00e9 \u00fadaje prev\u00e1dzkovate\u013eom poverenej osoby Dotknut\u00e1 osoba sa m\u00f4\u017ee v pr\u00edpade potreby kedyko\u013evek obr\u00e1ti\u0165 na osobu poveren\u00fa prev\u00e1dzkovate\u013eom (\u201epoverenca\u201c) v s\u00favislosti [&hellip;]\" \/>\n<meta property=\"og:url\" content=\"https:\/\/www.alfygeo.sk\/hu\/zasady-spracovania-a-ochrany-osobnych-udajov\/\" \/>\n<meta property=\"og:site_name\" content=\"Alfygeo plus\" \/>\n<meta property=\"article:modified_time\" content=\"2025-04-01T10:04:06+00:00\" \/>\n<meta name=\"twitter:card\" content=\"summary_large_image\" \/>\n<meta name=\"twitter:label1\" content=\"Becs\u00fclt olvas\u00e1si id\u0151\" \/>\n\t<meta name=\"twitter:data1\" content=\"20 perc\" \/>\n<script type=\"application\/ld+json\" class=\"yoast-schema-graph\">{\"@context\":\"https:\/\/schema.org\",\"@graph\":[{\"@type\":\"WebPage\",\"@id\":\"https:\/\/www.alfygeo.sk\/hu\/zasady-spracovania-a-ochrany-osobnych-udajov\/\",\"url\":\"https:\/\/www.alfygeo.sk\/hu\/zasady-spracovania-a-ochrany-osobnych-udajov\/\",\"name\":\"Z\u00c1SADY SPRACOVANIA A OCHRANY OSOBN\u00ddCH \u00daDAJOV - Alfygeo plus\",\"isPartOf\":{\"@id\":\"https:\/\/www.alfygeo.sk\/hu\/#website\"},\"datePublished\":\"2025-04-01T10:02:30+00:00\",\"dateModified\":\"2025-04-01T10:04:06+00:00\",\"breadcrumb\":{\"@id\":\"https:\/\/www.alfygeo.sk\/hu\/zasady-spracovania-a-ochrany-osobnych-udajov\/#breadcrumb\"},\"inLanguage\":\"hu\",\"potentialAction\":[{\"@type\":\"ReadAction\",\"target\":[\"https:\/\/www.alfygeo.sk\/hu\/zasady-spracovania-a-ochrany-osobnych-udajov\/\"]}]},{\"@type\":\"BreadcrumbList\",\"@id\":\"https:\/\/www.alfygeo.sk\/hu\/zasady-spracovania-a-ochrany-osobnych-udajov\/#breadcrumb\",\"itemListElement\":[{\"@type\":\"ListItem\",\"position\":1,\"name\":\"Home\",\"item\":\"https:\/\/www.alfygeo.sk\/hu\/\"},{\"@type\":\"ListItem\",\"position\":2,\"name\":\"Z\u00c1SADY SPRACOVANIA A OCHRANY OSOBN\u00ddCH \u00daDAJOV\"}]},{\"@type\":\"WebSite\",\"@id\":\"https:\/\/www.alfygeo.sk\/hu\/#website\",\"url\":\"https:\/\/www.alfygeo.sk\/hu\/\",\"name\":\"Alfygeo plus\",\"description\":\"Spo\u013eahliv\u00e9 merania pre v\u00e1\u0161 projekt\",\"publisher\":{\"@id\":\"https:\/\/www.alfygeo.sk\/hu\/#organization\"},\"potentialAction\":[{\"@type\":\"SearchAction\",\"target\":{\"@type\":\"EntryPoint\",\"urlTemplate\":\"https:\/\/www.alfygeo.sk\/hu\/?s={search_term_string}\"},\"query-input\":{\"@type\":\"PropertyValueSpecification\",\"valueRequired\":true,\"valueName\":\"search_term_string\"}}],\"inLanguage\":\"hu\"},{\"@type\":\"Organization\",\"@id\":\"https:\/\/www.alfygeo.sk\/hu\/#organization\",\"name\":\"Alfygeo plus\",\"url\":\"https:\/\/www.alfygeo.sk\/hu\/\",\"logo\":{\"@type\":\"ImageObject\",\"inLanguage\":\"hu\",\"@id\":\"https:\/\/www.alfygeo.sk\/hu\/#\/schema\/logo\/image\/\",\"url\":\"https:\/\/www.alfygeo.sk\/wp-content\/uploads\/2020\/03\/logo-alfygeo-plus.webp\",\"contentUrl\":\"https:\/\/www.alfygeo.sk\/wp-content\/uploads\/2020\/03\/logo-alfygeo-plus.webp\",\"width\":350,\"height\":60,\"caption\":\"Alfygeo plus\"},\"image\":{\"@id\":\"https:\/\/www.alfygeo.sk\/hu\/#\/schema\/logo\/image\/\"}}]}<\/script>\n<!-- \/ Yoast SEO plugin. -->","yoast_head_json":{"title":"Z\u00c1SADY SPRACOVANIA A OCHRANY OSOBN\u00ddCH \u00daDAJOV - Alfygeo plus","robots":{"index":"index","follow":"follow","max-snippet":"max-snippet:-1","max-image-preview":"max-image-preview:large","max-video-preview":"max-video-preview:-1"},"canonical":"https:\/\/www.alfygeo.sk\/hu\/zasady-spracovania-a-ochrany-osobnych-udajov\/","og_locale":"hu_HU","og_type":"article","og_title":"Z\u00c1SADY SPRACOVANIA A OCHRANY OSOBN\u00ddCH \u00daDAJOV - Alfygeo plus","og_description":"Z\u00c1SADY SPRACOVANIA A OCHRANY OSOBN\u00ddCH \u00daDAJOV prev\u00e1dzkovate\u013ea: Obchodn\u00e9 meno: \u00a0\u00a0\u00a0\u00a0\u00a0\u00a0\u00a0\u00a0\u00a0\u00a0 ALFYGEO Plus s.r.o. S\u00eddlo:\u00a0\u00a0\u00a0\u00a0\u00a0\u00a0\u00a0\u00a0\u00a0\u00a0\u00a0\u00a0\u00a0\u00a0\u00a0\u00a0\u00a0\u00a0\u00a0\u00a0\u00a0\u00a0\u00a0\u00a0\u00a0\u00a0\u00a0\u00a0\u00a0\u00a0\u00a0\u00a0\u00a0\u00a0\u00a0 Senn\u00fd trh 13, Kom\u00e1rno 945 01 I\u010cO: \u00a0\u00a0\u00a0\u00a0\u00a0\u00a0\u00a0\u00a0\u00a0\u00a0\u00a0\u00a0\u00a0\u00a0\u00a0\u00a0\u00a0\u00a0\u00a0\u00a0\u00a0\u00a0\u00a0\u00a0\u00a0\u00a0\u00a0\u00a0\u00a0\u00a0\u00a0\u00a0\u00a0\u00a0\u00a0\u00a0\u00a0 36554758 e-mail: \u00a0\u00a0\u00a0\u00a0\u00a0\u00a0\u00a0\u00a0\u00a0\u00a0\u00a0\u00a0\u00a0\u00a0\u00a0\u00a0\u00a0\u00a0\u00a0\u00a0\u00a0\u00a0\u00a0\u00a0\u00a0\u00a0\u00a0\u00a0\u00a0\u00a0\u00a0\u00a0 info@alfygeo.sk tel.: \u00a0\u00a0\u00a0\u00a0\u00a0\u00a0\u00a0\u00a0\u00a0\u00a0\u00a0\u00a0\u00a0\u00a0\u00a0\u00a0\u00a0\u00a0\u00a0\u00a0\u00a0\u00a0\u00a0\u00a0\u00a0\u00a0\u00a0\u00a0\u00a0\u00a0\u00a0\u00a0\u00a0\u00a0\u00a0\u00a0\u00a0\u00a0 0905650747 \u00a0 (\u010falej len \u201eprev\u00e1dzkovate\u013e\u201c) \u00a0 Kontaktn\u00e9 \u00fadaje prev\u00e1dzkovate\u013eom poverenej osoby Dotknut\u00e1 osoba sa m\u00f4\u017ee v pr\u00edpade potreby kedyko\u013evek obr\u00e1ti\u0165 na osobu poveren\u00fa prev\u00e1dzkovate\u013eom (\u201epoverenca\u201c) v s\u00favislosti [&hellip;]","og_url":"https:\/\/www.alfygeo.sk\/hu\/zasady-spracovania-a-ochrany-osobnych-udajov\/","og_site_name":"Alfygeo plus","article_modified_time":"2025-04-01T10:04:06+00:00","twitter_card":"summary_large_image","twitter_misc":{"Becs\u00fclt olvas\u00e1si id\u0151":"20 perc"},"schema":{"@context":"https:\/\/schema.org","@graph":[{"@type":"WebPage","@id":"https:\/\/www.alfygeo.sk\/hu\/zasady-spracovania-a-ochrany-osobnych-udajov\/","url":"https:\/\/www.alfygeo.sk\/hu\/zasady-spracovania-a-ochrany-osobnych-udajov\/","name":"Z\u00c1SADY SPRACOVANIA A OCHRANY OSOBN\u00ddCH \u00daDAJOV - Alfygeo plus","isPartOf":{"@id":"https:\/\/www.alfygeo.sk\/hu\/#website"},"datePublished":"2025-04-01T10:02:30+00:00","dateModified":"2025-04-01T10:04:06+00:00","breadcrumb":{"@id":"https:\/\/www.alfygeo.sk\/hu\/zasady-spracovania-a-ochrany-osobnych-udajov\/#breadcrumb"},"inLanguage":"hu","potentialAction":[{"@type":"ReadAction","target":["https:\/\/www.alfygeo.sk\/hu\/zasady-spracovania-a-ochrany-osobnych-udajov\/"]}]},{"@type":"BreadcrumbList","@id":"https:\/\/www.alfygeo.sk\/hu\/zasady-spracovania-a-ochrany-osobnych-udajov\/#breadcrumb","itemListElement":[{"@type":"ListItem","position":1,"name":"Home","item":"https:\/\/www.alfygeo.sk\/hu\/"},{"@type":"ListItem","position":2,"name":"Z\u00c1SADY SPRACOVANIA A OCHRANY OSOBN\u00ddCH \u00daDAJOV"}]},{"@type":"WebSite","@id":"https:\/\/www.alfygeo.sk\/hu\/#website","url":"https:\/\/www.alfygeo.sk\/hu\/","name":"Alfygeo plus","description":"Spo\u013eahliv\u00e9 merania pre v\u00e1\u0161 projekt","publisher":{"@id":"https:\/\/www.alfygeo.sk\/hu\/#organization"},"potentialAction":[{"@type":"SearchAction","target":{"@type":"EntryPoint","urlTemplate":"https:\/\/www.alfygeo.sk\/hu\/?s={search_term_string}"},"query-input":{"@type":"PropertyValueSpecification","valueRequired":true,"valueName":"search_term_string"}}],"inLanguage":"hu"},{"@type":"Organization","@id":"https:\/\/www.alfygeo.sk\/hu\/#organization","name":"Alfygeo plus","url":"https:\/\/www.alfygeo.sk\/hu\/","logo":{"@type":"ImageObject","inLanguage":"hu","@id":"https:\/\/www.alfygeo.sk\/hu\/#\/schema\/logo\/image\/","url":"https:\/\/www.alfygeo.sk\/wp-content\/uploads\/2020\/03\/logo-alfygeo-plus.webp","contentUrl":"https:\/\/www.alfygeo.sk\/wp-content\/uploads\/2020\/03\/logo-alfygeo-plus.webp","width":350,"height":60,"caption":"Alfygeo plus"},"image":{"@id":"https:\/\/www.alfygeo.sk\/hu\/#\/schema\/logo\/image\/"}}]}},"_links":{"self":[{"href":"https:\/\/www.alfygeo.sk\/hu\/wp-json\/wp\/v2\/pages\/1113","targetHints":{"allow":["GET"]}}],"collection":[{"href":"https:\/\/www.alfygeo.sk\/hu\/wp-json\/wp\/v2\/pages"}],"about":[{"href":"https:\/\/www.alfygeo.sk\/hu\/wp-json\/wp\/v2\/types\/page"}],"author":[{"embeddable":true,"href":"https:\/\/www.alfygeo.sk\/hu\/wp-json\/wp\/v2\/users\/1"}],"replies":[{"embeddable":true,"href":"https:\/\/www.alfygeo.sk\/hu\/wp-json\/wp\/v2\/comments?post=1113"}],"version-history":[{"count":4,"href":"https:\/\/www.alfygeo.sk\/hu\/wp-json\/wp\/v2\/pages\/1113\/revisions"}],"predecessor-version":[{"id":1118,"href":"https:\/\/www.alfygeo.sk\/hu\/wp-json\/wp\/v2\/pages\/1113\/revisions\/1118"}],"wp:attachment":[{"href":"https:\/\/www.alfygeo.sk\/hu\/wp-json\/wp\/v2\/media?parent=1113"}],"curies":[{"name":"wp","href":"https:\/\/api.w.org\/{rel}","templated":true}]}}